{"id":260,"date":"2024-06-30T15:13:34","date_gmt":"2024-06-30T13:13:34","guid":{"rendered":"https:\/\/entreterreetcielgannat.fr\/?page_id=260"},"modified":"2025-01-18T10:21:47","modified_gmt":"2025-01-18T09:21:47","slug":"activites-et-rencontres-du-club","status":"publish","type":"page","link":"https:\/\/entreterreetcielgannat.fr\/index.php\/activites-et-rencontres-du-club\/","title":{"rendered":"Activit\u00e9s et Rencontres du Club"},"content":{"rendered":"\n<p>Lors du moment de convivialit\u00e9 que nous avons partag\u00e9 \u00e0 la suite de l&rsquo;Assembl\u00e9e g\u00e9n\u00e9rale, Anne-Marie nous a fait d\u00e9couvrir la Salade \u00e0 l&rsquo;Alsacienne. Son plat fut tr\u00e8s appr\u00e9ci\u00e9 et Anne Marie a propos\u00e9 de nous transmettre sa recette. C&rsquo;est chose faite : <\/p>\n\n\n\n<figure class=\"wp-block-image size-full is-resized\"><img loading=\"lazy\" decoding=\"async\" width=\"319\" height=\"500\" src=\"https:\/\/entreterreetcielgannat.fr\/wp-content\/uploads\/2025\/01\/Recette-Choucroute-Anne-Marie-BAGGIO.png\" alt=\"\" class=\"wp-image-442\" style=\"width:536px;height:auto\" srcset=\"https:\/\/entreterreetcielgannat.fr\/wp-content\/uploads\/2025\/01\/Recette-Choucroute-Anne-Marie-BAGGIO.png 319w, https:\/\/entreterreetcielgannat.fr\/wp-content\/uploads\/2025\/01\/Recette-Choucroute-Anne-Marie-BAGGIO-191x300.png 191w\" sizes=\"auto, (max-width: 319px) 100vw, 319px\" \/><\/figure>\n\n\n\n<p>Merci \u00e0 Anne-marie pour ce partage et bonne d\u00e9gustation \u00e0 tous !<\/p>\n\n\n\n<h2 class=\"wp-block-heading has-text-align-center\"><em>A<strong>ssembl\u00e9e G\u00e9n\u00e9rale du Club et Moment de convivialit\u00e9 et de partage<\/strong> <\/em><\/h2>\n\n\n\n<p>Le 09 janvier 2025 a eu lieu l&rsquo;Assembl\u00e9e G\u00e9n\u00e9rale de l&rsquo;Association. Au cours de cette r\u00e9union Le pr\u00e9sident et la tr\u00e9sori\u00e8re ont pr\u00e9sent\u00e9 les comptes qui ont \u00e9t\u00e9 approuv\u00e9s. <\/p>\n\n\n\n<figure class=\"wp-block-image size-full is-resized\"><img loading=\"lazy\" decoding=\"async\" width=\"640\" height=\"480\" src=\"https:\/\/entreterreetcielgannat.fr\/wp-content\/uploads\/2025\/01\/IMG_0391.jpeg\" alt=\"\" class=\"wp-image-430\" style=\"width:520px;height:auto\" srcset=\"https:\/\/entreterreetcielgannat.fr\/wp-content\/uploads\/2025\/01\/IMG_0391.jpeg 640w, https:\/\/entreterreetcielgannat.fr\/wp-content\/uploads\/2025\/01\/IMG_0391-300x225.jpeg 300w\" sizes=\"auto, (max-width: 640px) 100vw, 640px\" \/><\/figure>\n\n\n\n<p>Le bilan global de l&rsquo;ann\u00e9e 2024 a \u00e9t\u00e9 expos\u00e9. Le nombre de participants en septembre 2024 a augment\u00e9 ce dont nous nous r\u00e9jouissons.<\/p>\n\n\n\n<p><\/p>\n\n\n\n<figure class=\"wp-block-image size-full is-resized\"><img loading=\"lazy\" decoding=\"async\" width=\"640\" height=\"480\" src=\"https:\/\/entreterreetcielgannat.fr\/wp-content\/uploads\/2025\/01\/IMG_0389.jpeg\" alt=\"\" class=\"wp-image-432\" style=\"width:549px;height:auto\" srcset=\"https:\/\/entreterreetcielgannat.fr\/wp-content\/uploads\/2025\/01\/IMG_0389.jpeg 640w, https:\/\/entreterreetcielgannat.fr\/wp-content\/uploads\/2025\/01\/IMG_0389-300x225.jpeg 300w\" sizes=\"auto, (max-width: 640px) 100vw, 640px\" \/><\/figure>\n\n\n\n<p>Les nouvelles activit\u00e9s et les stages ont \u00e9t\u00e9 pr\u00e9sent\u00e9s \u00e0 tous les participants. <\/p>\n\n\n\n<p>&#8211; Stage de QG (24 mts tao\u00efstes) et TCC au club de Clermont-Ferrand MITCC au 05 rue Henri Barbusse \u00e0 Clermont- Ferrand de M.&nbsp; Bernard DUFAURE , les samedi 15 et dimanche 16 mars 2025. Le prix est 30\u20ac le samedi  et 50\u20ac le WE<\/p>\n\n\n\n<p>Venez nombreux, car ce n&rsquo;est pas souvent qu&rsquo;il y a un stage r\u00e9gional anim\u00e9 par Denis FELUS et de plus \u00e0 ce tarif avantageux !&nbsp;<\/p>\n\n\n\n<p>&#8211; Il est possible de mettre des formations compl\u00e9mentaires \u00e0 th\u00e8mes pour le TCC ou le QG dans une salle au centre de Gannat les samedis apr\u00e8s midi une fois par mois si les \u00e9l\u00e8ves le d\u00e9sirent. Exemple : se pr\u00e9parer pour ce stage du 15 et 16 mars, ou faire des exercices de m\u00e9ditations de Qi Gong pour d\u00e9velopper encore notre attention, notre \u00e9nergie.<\/p>\n\n\n\n<p> Note : il n&rsquo;est pas possible de tout voir dans nos cours.&nbsp;<\/p>\n\n\n\n<p>&#8211; JL informe \u00e9galement que d&rsquo;autres stages externes r\u00e9gionaux existent pour le QI GONG, bien que diff\u00e9rents de ce que nous faisons, cela peut nous aider dans notre compr\u00e9hension \u00e0 \u00e9couter les messages ou exercices par d&rsquo;autres intervenants. Etablir svp cette demande, nous vous renseignerons.<br>Egalement des stages sont propos\u00e9es \u00e0 l&rsquo;\u00e9cole de formation de notre f\u00e9d\u00e9ration qui sont ouverts \u00e0 tous. Voir leur lien<\/p>\n\n\n\n<figure class=\"wp-block-image size-full is-resized\"><img loading=\"lazy\" decoding=\"async\" width=\"640\" height=\"480\" src=\"https:\/\/entreterreetcielgannat.fr\/wp-content\/uploads\/2025\/01\/IMG_0393.jpeg\" alt=\"\" class=\"wp-image-428\" style=\"width:554px;height:auto\" srcset=\"https:\/\/entreterreetcielgannat.fr\/wp-content\/uploads\/2025\/01\/IMG_0393.jpeg 640w, https:\/\/entreterreetcielgannat.fr\/wp-content\/uploads\/2025\/01\/IMG_0393-300x225.jpeg 300w\" sizes=\"auto, (max-width: 640px) 100vw, 640px\" \/><\/figure>\n\n\n\n<p>Cette r\u00e9union a \u00e9t\u00e9 suivi par un moment convivial de d\u00e9tente o\u00f9 nous avons partag\u00e9s mets et boissons. Ces \u00e9changes nous permettent de mieux nous conna\u00eetre et d\u00e9finir un peu nos affinit\u00e9s. Un peu de rel\u00e2chement ne fait pas du mal.<\/p>\n\n\n\n<p>Nous remercions tous ceux et celles qui se sont donn\u00e9s du mal pour amener tous ces merveilleux plats et&nbsp;boissons. \u00ab\u00a0Tout \u00e9tait parfaitement bon\u00a0\u00bb. Malgr\u00e9 notre bonne volont\u00e9, nous n&rsquo;avons pas r\u00e9ussi \u00e0 tout manger ou \u00e0 boire.<\/p>\n\n\n\n<figure class=\"wp-block-image size-full is-resized\"><img loading=\"lazy\" decoding=\"async\" width=\"640\" height=\"480\" src=\"https:\/\/entreterreetcielgannat.fr\/wp-content\/uploads\/2025\/01\/IMG_0394.jpeg\" alt=\"\" class=\"wp-image-427\" style=\"width:555px;height:auto\" srcset=\"https:\/\/entreterreetcielgannat.fr\/wp-content\/uploads\/2025\/01\/IMG_0394.jpeg 640w, https:\/\/entreterreetcielgannat.fr\/wp-content\/uploads\/2025\/01\/IMG_0394-300x225.jpeg 300w\" sizes=\"auto, (max-width: 640px) 100vw, 640px\" \/><\/figure>\n\n\n\n<p><\/p>\n\n\n\n<figure class=\"wp-block-image size-full is-resized\"><img loading=\"lazy\" decoding=\"async\" width=\"640\" height=\"480\" src=\"https:\/\/entreterreetcielgannat.fr\/wp-content\/uploads\/2025\/01\/IMG_0395.jpeg\" alt=\"\" class=\"wp-image-426\" style=\"width:555px;height:auto\" srcset=\"https:\/\/entreterreetcielgannat.fr\/wp-content\/uploads\/2025\/01\/IMG_0395.jpeg 640w, https:\/\/entreterreetcielgannat.fr\/wp-content\/uploads\/2025\/01\/IMG_0395-300x225.jpeg 300w\" sizes=\"auto, (max-width: 640px) 100vw, 640px\" \/><\/figure>\n\n\n\n<p>&#8211; Stage de QG (24 mts tao\u00efstes) et TCC au club de Clt Fd MITCC au 05 rue Henri Barbusse \u00e0 Clt Fd de M.&nbsp; Bernard DUFAURE le, les sa15 et di16 mars, prix 30\u20ac le sa et 50\u20ac le WE, venez nombreux, car ce n&rsquo;est pas souvent qu&rsquo;il y a un stage r\u00e9gional anim\u00e9 par Denis FELUS et de plus ce n&rsquo;est pas cher du tout.&nbsp;<\/p>\n\n\n\n<p>&#8211; Il est possible de mettre des formations compl\u00e9mentaires \u00e0 th\u00e8mes pour le TCC ou le QG dans une salle au centre de Gannat les samedis apr\u00e8s midi une fois par mois si les \u00e9l\u00e8ves le d\u00e9sirent. Exemple se pr\u00e9parer pour ce stage du 15 et 16mars, ou faire des exercices de m\u00e9ditations de Qi Gong pour d\u00e9velopper encore notre attention, notre \u00e9nergie. Note : il n&rsquo;est pas possible de tout voir dans nos cours.&nbsp;<\/p>\n\n\n\n<p>&#8211; JL informe \u00e9galement que d&rsquo;autres stages externes r\u00e9gionaux existent pour le QI GONG, bien que diff\u00e9rent de ce que nous faisons, cela peut nous aider dans notre compr\u00e9hension \u00e0 \u00e9couter les messages ou exercices par d&rsquo;autres intervenants. Etablir svp cette demande, nous vous renseignerons.<br>Egalement des stages sont propos\u00e9es \u00e0 l&rsquo;\u00e9cole de foration de notre f\u00e9d\u00e9ration qui sont ouverts \u00e0 tous. Voir leur lien<\/p>\n\n\n\n<p><\/p>\n\n\n\n<p><\/p>\n\n\n\n<h2 class=\"wp-block-heading has-text-align-center\"><strong><em>Formation enseignant en TCC avec EFPM Dr Denis FELUS les Sa 26 &amp; Di 27oct 2024<\/em><\/strong><\/h2>\n\n\n\n<figure class=\"wp-block-image size-full\"><img loading=\"lazy\" decoding=\"async\" width=\"768\" height=\"1024\" src=\"https:\/\/entreterreetcielgannat.fr\/wp-content\/uploads\/2024\/10\/Denis-en-demonstration.jpg\" alt=\"\" class=\"wp-image-404\" srcset=\"https:\/\/entreterreetcielgannat.fr\/wp-content\/uploads\/2024\/10\/Denis-en-demonstration.jpg 768w, https:\/\/entreterreetcielgannat.fr\/wp-content\/uploads\/2024\/10\/Denis-en-demonstration-225x300.jpg 225w\" sizes=\"auto, (max-width: 768px) 100vw, 768px\" \/><figcaption class=\"wp-element-caption\">Denis FELUS en pleine action<\/figcaption><\/figure>\n\n\n\n<figure class=\"wp-block-image size-full is-resized\"><img loading=\"lazy\" decoding=\"async\" width=\"768\" height=\"576\" src=\"https:\/\/entreterreetcielgannat.fr\/wp-content\/uploads\/2024\/10\/Pause.jpg\" alt=\"\" class=\"wp-image-405\" style=\"width:764px;height:auto\" srcset=\"https:\/\/entreterreetcielgannat.fr\/wp-content\/uploads\/2024\/10\/Pause.jpg 768w, https:\/\/entreterreetcielgannat.fr\/wp-content\/uploads\/2024\/10\/Pause-300x225.jpg 300w\" sizes=\"auto, (max-width: 768px) 100vw, 768px\" \/><figcaption class=\"wp-element-caption\">Pause bien m\u00e9rit\u00e9e<\/figcaption><\/figure>\n\n\n\n<div class=\"wp-block-columns is-layout-flex wp-container-core-columns-is-layout-9d6595d7 wp-block-columns-is-layout-flex\">\n<div class=\"wp-block-column is-layout-flow wp-block-column-is-layout-flow\" style=\"flex-basis:100%\">\n<figure class=\"wp-block-image size-full is-resized\"><img loading=\"lazy\" decoding=\"async\" width=\"312\" height=\"500\" src=\"https:\/\/entreterreetcielgannat.fr\/wp-content\/uploads\/2024\/10\/JL-en-plein-action.png\" alt=\"\" class=\"wp-image-406\" style=\"width:764px;height:auto\" srcset=\"https:\/\/entreterreetcielgannat.fr\/wp-content\/uploads\/2024\/10\/JL-en-plein-action.png 312w, https:\/\/entreterreetcielgannat.fr\/wp-content\/uploads\/2024\/10\/JL-en-plein-action-187x300.png 187w\" sizes=\"auto, (max-width: 312px) 100vw, 312px\" \/><figcaption class=\"wp-element-caption\">Jean-Louis pose une question<\/figcaption><\/figure>\n<\/div>\n<\/div>\n\n\n\n<p>La reprise des cours s&rsquo;est faite le lundi 09 septembre 2024. Le Club accueille avec joie de nouveaux participants sur les 4 cours du Lundi, Mercredi et Jeudi.<\/p>\n\n\n\n<p>Cours lundi 09sept24<\/p>\n\n\n\n<figure class=\"wp-block-image size-large\"><img loading=\"lazy\" decoding=\"async\" width=\"1024\" height=\"768\" src=\"https:\/\/entreterreetcielgannat.fr\/wp-content\/uploads\/2024\/10\/20240923_184557-1-1024x768.jpg\" alt=\"\" class=\"wp-image-389\" srcset=\"https:\/\/entreterreetcielgannat.fr\/wp-content\/uploads\/2024\/10\/20240923_184557-1-1024x768.jpg 1024w, https:\/\/entreterreetcielgannat.fr\/wp-content\/uploads\/2024\/10\/20240923_184557-1-300x225.jpg 300w, https:\/\/entreterreetcielgannat.fr\/wp-content\/uploads\/2024\/10\/20240923_184557-1-768x576.jpg 768w, https:\/\/entreterreetcielgannat.fr\/wp-content\/uploads\/2024\/10\/20240923_184557-1-1536x1151.jpg 1536w, https:\/\/entreterreetcielgannat.fr\/wp-content\/uploads\/2024\/10\/20240923_184557-1.jpg 1749w\" sizes=\"auto, (max-width: 1024px) 100vw, 1024px\" \/><\/figure>\n\n\n\n<p>Cours lundi 09sept24<\/p>\n\n\n\n<figure class=\"wp-block-image size-large\"><img loading=\"lazy\" decoding=\"async\" width=\"1024\" height=\"768\" src=\"https:\/\/entreterreetcielgannat.fr\/wp-content\/uploads\/2024\/10\/20240923_184651-1024x768.jpg\" alt=\"\" class=\"wp-image-388\" srcset=\"https:\/\/entreterreetcielgannat.fr\/wp-content\/uploads\/2024\/10\/20240923_184651-1024x768.jpg 1024w, https:\/\/entreterreetcielgannat.fr\/wp-content\/uploads\/2024\/10\/20240923_184651-300x225.jpg 300w, https:\/\/entreterreetcielgannat.fr\/wp-content\/uploads\/2024\/10\/20240923_184651-768x576.jpg 768w, https:\/\/entreterreetcielgannat.fr\/wp-content\/uploads\/2024\/10\/20240923_184651-1536x1152.jpg 1536w, https:\/\/entreterreetcielgannat.fr\/wp-content\/uploads\/2024\/10\/20240923_184651.jpg 1763w\" sizes=\"auto, (max-width: 1024px) 100vw, 1024px\" \/><\/figure>\n\n\n\n<p>Cours lundi 09sept24<\/p>\n\n\n\n<figure class=\"wp-block-image size-large is-resized\"><img loading=\"lazy\" decoding=\"async\" width=\"768\" height=\"1024\" src=\"https:\/\/entreterreetcielgannat.fr\/wp-content\/uploads\/2024\/09\/20240923_191006-768x1024.jpg\" alt=\"\" class=\"wp-image-325\" style=\"width:599px;height:auto\" srcset=\"https:\/\/entreterreetcielgannat.fr\/wp-content\/uploads\/2024\/09\/20240923_191006-768x1024.jpg 768w, https:\/\/entreterreetcielgannat.fr\/wp-content\/uploads\/2024\/09\/20240923_191006-225x300.jpg 225w, https:\/\/entreterreetcielgannat.fr\/wp-content\/uploads\/2024\/09\/20240923_191006-1152x1536.jpg 1152w, https:\/\/entreterreetcielgannat.fr\/wp-content\/uploads\/2024\/09\/20240923_191006-rotated.jpg 1442w\" sizes=\"auto, (max-width: 768px) 100vw, 768px\" \/><\/figure>\n\n\n\n<p>Cours du vendredi 18sept24<\/p>\n\n\n\n<figure class=\"wp-block-image size-large\"><img loading=\"lazy\" decoding=\"async\" width=\"1024\" height=\"768\" src=\"https:\/\/entreterreetcielgannat.fr\/wp-content\/uploads\/2024\/10\/20241017_190758-1-1024x768.jpg\" alt=\"\" class=\"wp-image-390\" srcset=\"https:\/\/entreterreetcielgannat.fr\/wp-content\/uploads\/2024\/10\/20241017_190758-1-1024x768.jpg 1024w, https:\/\/entreterreetcielgannat.fr\/wp-content\/uploads\/2024\/10\/20241017_190758-1-300x225.jpg 300w, https:\/\/entreterreetcielgannat.fr\/wp-content\/uploads\/2024\/10\/20241017_190758-1-768x576.jpg 768w, https:\/\/entreterreetcielgannat.fr\/wp-content\/uploads\/2024\/10\/20241017_190758-1-1536x1152.jpg 1536w, https:\/\/entreterreetcielgannat.fr\/wp-content\/uploads\/2024\/10\/20241017_190758-1.jpg 1946w\" sizes=\"auto, (max-width: 1024px) 100vw, 1024px\" \/><\/figure>\n\n\n\n<figure class=\"wp-block-image size-large\"><img loading=\"lazy\" decoding=\"async\" width=\"1024\" height=\"768\" src=\"https:\/\/entreterreetcielgannat.fr\/wp-content\/uploads\/2024\/10\/20241017_190811-1024x768.jpg\" alt=\"\" class=\"wp-image-391\" srcset=\"https:\/\/entreterreetcielgannat.fr\/wp-content\/uploads\/2024\/10\/20241017_190811-1024x768.jpg 1024w, https:\/\/entreterreetcielgannat.fr\/wp-content\/uploads\/2024\/10\/20241017_190811-300x225.jpg 300w, https:\/\/entreterreetcielgannat.fr\/wp-content\/uploads\/2024\/10\/20241017_190811-768x576.jpg 768w, https:\/\/entreterreetcielgannat.fr\/wp-content\/uploads\/2024\/10\/20241017_190811-1536x1152.jpg 1536w, https:\/\/entreterreetcielgannat.fr\/wp-content\/uploads\/2024\/10\/20241017_190811.jpg 1720w\" sizes=\"auto, (max-width: 1024px) 100vw, 1024px\" \/><\/figure>\n\n\n\n<p>Samedi 16 mars 2024. Le Club a organis\u00e9 un repas afin de partager un moment de convivialit\u00e9 et d&rsquo;\u00e9changes entre les participants. Une belle r\u00e9ussite.<\/p>\n\n\n\n<figure class=\"wp-block-image size-large is-resized\"><img loading=\"lazy\" decoding=\"async\" width=\"768\" height=\"1024\" src=\"https:\/\/entreterreetcielgannat.fr\/wp-content\/uploads\/2024\/03\/IMG_0071-768x1024.jpg\" alt=\"\" class=\"wp-image-219\" style=\"width:485px;height:auto\" srcset=\"https:\/\/entreterreetcielgannat.fr\/wp-content\/uploads\/2024\/03\/IMG_0071-768x1024.jpg 768w, https:\/\/entreterreetcielgannat.fr\/wp-content\/uploads\/2024\/03\/IMG_0071-225x300.jpg 225w, https:\/\/entreterreetcielgannat.fr\/wp-content\/uploads\/2024\/03\/IMG_0071-1152x1536.jpg 1152w, https:\/\/entreterreetcielgannat.fr\/wp-content\/uploads\/2024\/03\/IMG_0071-rotated.jpg 1512w\" sizes=\"auto, (max-width: 768px) 100vw, 768px\" \/><\/figure>\n\n\n\n<p>Le repas a eu lieu au restaurant L&rsquo;ANDELOT \u00e0 Saint Didier la For\u00eat. Nous avons b\u00e9n\u00e9fici\u00e9 d&rsquo;un accueil tr\u00e8s agr\u00e9able et chaleureux. Le repas, adapt\u00e9 selon les go\u00fbts de chacun, a ravi tous les convives.<\/p>\n\n\n\n<figure class=\"wp-block-image size-large is-resized\"><img loading=\"lazy\" decoding=\"async\" width=\"768\" height=\"1024\" src=\"https:\/\/entreterreetcielgannat.fr\/wp-content\/uploads\/2024\/03\/IMG_0073-768x1024.jpg\" alt=\"\" class=\"wp-image-221\" style=\"width:476px;height:auto\" srcset=\"https:\/\/entreterreetcielgannat.fr\/wp-content\/uploads\/2024\/03\/IMG_0073-768x1024.jpg 768w, https:\/\/entreterreetcielgannat.fr\/wp-content\/uploads\/2024\/03\/IMG_0073-225x300.jpg 225w, https:\/\/entreterreetcielgannat.fr\/wp-content\/uploads\/2024\/03\/IMG_0073-1152x1536.jpg 1152w, https:\/\/entreterreetcielgannat.fr\/wp-content\/uploads\/2024\/03\/IMG_0073-rotated.jpg 1512w\" sizes=\"auto, (max-width: 768px) 100vw, 768px\" \/><\/figure>\n\n\n\n<p>De l&rsquo;avis de tous ce fut un moment sympathique et qui a g\u00e9n\u00e9r\u00e9 de nombreux \u00e9changes permettant de mieux se conna\u00eetre dans un cadre externe aux cours.<\/p>\n\n\n\n<p><\/p>\n\n\n\n<figure class=\"wp-block-image size-large is-resized\"><img loading=\"lazy\" decoding=\"async\" width=\"768\" height=\"1024\" src=\"https:\/\/entreterreetcielgannat.fr\/wp-content\/uploads\/2024\/03\/IMG_0075-768x1024.jpg\" alt=\"\" class=\"wp-image-223\" style=\"width:487px;height:auto\" srcset=\"https:\/\/entreterreetcielgannat.fr\/wp-content\/uploads\/2024\/03\/IMG_0075-768x1024.jpg 768w, https:\/\/entreterreetcielgannat.fr\/wp-content\/uploads\/2024\/03\/IMG_0075-225x300.jpg 225w, https:\/\/entreterreetcielgannat.fr\/wp-content\/uploads\/2024\/03\/IMG_0075-1152x1536.jpg 1152w, https:\/\/entreterreetcielgannat.fr\/wp-content\/uploads\/2024\/03\/IMG_0075-rotated.jpg 1512w\" sizes=\"auto, (max-width: 768px) 100vw, 768px\" \/><\/figure>\n\n\n\n<p>Un nouveau moment de partage pourrait  \u00eatre propos\u00e9 prochainement pour les membres n&rsquo;ayant pas pu se rendre disponible pour ce repas.<\/p>\n\n\n\n<p>Lundi 08 Janvier 2024 Le Club a tenu son Assembl\u00e9e G\u00e9n\u00e9rale dans une ambiance conviviale et d\u00e9tendue. Les membres du Club ont partag\u00e9 ce moment de convivialit\u00e9 autour d&rsquo;un pot amical.<\/p>\n\n\n\n<figure class=\"wp-block-gallery has-nested-images columns-default is-cropped wp-block-gallery-1 is-layout-flex wp-block-gallery-is-layout-flex\">\n<figure class=\"wp-block-image size-large is-style-rounded\"><img loading=\"lazy\" decoding=\"async\" width=\"1024\" height=\"768\" data-id=\"191\" src=\"https:\/\/entreterreetcielgannat.fr\/wp-content\/uploads\/2024\/01\/Assemblee-Generale-Janvier-2024-Bureau-1-1024x768.jpg\" alt=\"\" class=\"wp-image-191\" srcset=\"https:\/\/entreterreetcielgannat.fr\/wp-content\/uploads\/2024\/01\/Assemblee-Generale-Janvier-2024-Bureau-1-1024x768.jpg 1024w, https:\/\/entreterreetcielgannat.fr\/wp-content\/uploads\/2024\/01\/Assemblee-Generale-Janvier-2024-Bureau-1-300x225.jpg 300w, https:\/\/entreterreetcielgannat.fr\/wp-content\/uploads\/2024\/01\/Assemblee-Generale-Janvier-2024-Bureau-1-768x576.jpg 768w, https:\/\/entreterreetcielgannat.fr\/wp-content\/uploads\/2024\/01\/Assemblee-Generale-Janvier-2024-Bureau-1-1536x1152.jpg 1536w, https:\/\/entreterreetcielgannat.fr\/wp-content\/uploads\/2024\/01\/Assemblee-Generale-Janvier-2024-Bureau-1-2048x1536.jpg 2048w\" sizes=\"auto, (max-width: 1024px) 100vw, 1024px\" \/><\/figure>\n<\/figure>\n\n\n\n<figure class=\"wp-block-image size-large\"><img loading=\"lazy\" decoding=\"async\" width=\"1024\" height=\"768\" src=\"https:\/\/entreterreetcielgannat.fr\/wp-content\/uploads\/2024\/01\/Moment-de-convivialite-1-1024x768.jpg\" alt=\"\" class=\"wp-image-192\" srcset=\"https:\/\/entreterreetcielgannat.fr\/wp-content\/uploads\/2024\/01\/Moment-de-convivialite-1-1024x768.jpg 1024w, https:\/\/entreterreetcielgannat.fr\/wp-content\/uploads\/2024\/01\/Moment-de-convivialite-1-300x225.jpg 300w, https:\/\/entreterreetcielgannat.fr\/wp-content\/uploads\/2024\/01\/Moment-de-convivialite-1-768x576.jpg 768w, https:\/\/entreterreetcielgannat.fr\/wp-content\/uploads\/2024\/01\/Moment-de-convivialite-1-1536x1152.jpg 1536w, https:\/\/entreterreetcielgannat.fr\/wp-content\/uploads\/2024\/01\/Moment-de-convivialite-1-2048x1536.jpg 2048w\" sizes=\"auto, (max-width: 1024px) 100vw, 1024px\" \/><\/figure>\n\n\n\n<ul class=\"wp-block-list\">\n<li><strong>Horaires des Cours : <\/strong><\/li>\n<\/ul>\n\n\n\n<p><strong>Lundi <\/strong>: TCC de 18H45 \u00e0 20H15<strong> <\/strong>(Echauffement et TCC)<\/p>\n\n\n\n<p><strong>Mercredi <\/strong>: ZNQG de 10H \u00e0 11H30 <\/p>\n\n\n\n<p><strong>Jeudi <\/strong>: QG Saisons de 18H15 \u00e0 19H15 &#8211; TCC de 19H20 \u00e0 20H20<\/p>\n\n\n\n<p> <strong>Cours d\u2019essai gratuit &#8211; <\/strong><\/p>\n\n\n\n<p><strong>Lieu : Salle Espace Croix des Rameaux, 20 Rue Croix des Rameaux Gannat (A c\u00f4t\u00e9 de l\u2019Ecole de musique, portail m\u00e9tallique vert )<\/strong> &#8211; Plan d&rsquo;acc\u00e8s Rubrique \u00ab\u00a0Contacts et Inscription\u00a0\u00bb<\/p>\n\n\n\n<p>Nous f\u00e9licitons notre enseignant, Jean Louis De La Hermosa, pour l&rsquo;obtention du dipl\u00f4me d&rsquo;Etudes en Sciences du QiGong<\/p>\n\n\n\n<figure class=\"wp-block-gallery has-nested-images columns-default is-cropped wp-block-gallery-2 is-layout-flex wp-block-gallery-is-layout-flex\">\n<figure class=\"wp-block-image size-large\"><img loading=\"lazy\" decoding=\"async\" width=\"1024\" height=\"768\" data-id=\"136\" src=\"https:\/\/entreterreetcielgannat.fr\/wp-content\/uploads\/2023\/11\/Diplome-Qi-Gong-Jean-Louis-1024x768.jpg\" alt=\"\" class=\"wp-image-136\" srcset=\"https:\/\/entreterreetcielgannat.fr\/wp-content\/uploads\/2023\/11\/Diplome-Qi-Gong-Jean-Louis-1024x768.jpg 1024w, https:\/\/entreterreetcielgannat.fr\/wp-content\/uploads\/2023\/11\/Diplome-Qi-Gong-Jean-Louis-300x225.jpg 300w, https:\/\/entreterreetcielgannat.fr\/wp-content\/uploads\/2023\/11\/Diplome-Qi-Gong-Jean-Louis-768x576.jpg 768w, https:\/\/entreterreetcielgannat.fr\/wp-content\/uploads\/2023\/11\/Diplome-Qi-Gong-Jean-Louis-1536x1152.jpg 1536w, https:\/\/entreterreetcielgannat.fr\/wp-content\/uploads\/2023\/11\/Diplome-Qi-Gong-Jean-Louis-2048x1536.jpg 2048w\" sizes=\"auto, (max-width: 1024px) 100vw, 1024px\" \/><figcaption class=\"wp-element-caption\">bty<\/figcaption><\/figure>\n<\/figure>\n\n\n\n<p><\/p>\n\n\n\n<p><\/p>\n","protected":false},"excerpt":{"rendered":"<p>Lors du moment de convivialit\u00e9 que nous avons partag\u00e9 \u00e0 la suite de l&rsquo;Assembl\u00e9e g\u00e9n\u00e9rale, Anne-Marie nous a fait d\u00e9couvrir la Salade \u00e0 l&rsquo;Alsacienne. Son plat fut tr\u00e8s appr\u00e9ci\u00e9 et Anne Marie a propos\u00e9 de nous transmettre sa recette. C&rsquo;est chose faite : Merci \u00e0 Anne-marie pour ce partage et bonne d\u00e9gustation \u00e0 tous ! [&hellip;]<\/p>\n","protected":false},"author":3,"featured_media":0,"parent":0,"menu_order":0,"comment_status":"closed","ping_status":"closed","template":"","meta":{"footnotes":""},"class_list":["post-260","page","type-page","status-publish","hentry"],"yoast_head":"<!-- This site is optimized with the Yoast SEO plugin v27.3 - https:\/\/yoast.com\/product\/yoast-seo-wordpress\/ -->\n<title>Activit\u00e9s et Rencontres du Club - ENTRE TERRE ET CIEL GANNAT<\/title>\n<meta name=\"robots\" content=\"index, follow, max-snippet:-1, max-image-preview:large, max-video-preview:-1\" \/>\n<link rel=\"canonical\" href=\"https:\/\/entreterreetcielgannat.fr\/index.php\/activites-et-rencontres-du-club\/\" \/>\n<meta property=\"og:locale\" content=\"fr_FR\" \/>\n<meta property=\"og:type\" content=\"article\" \/>\n<meta property=\"og:title\" content=\"Activit\u00e9s et Rencontres du Club - ENTRE TERRE ET CIEL GANNAT\" \/>\n<meta property=\"og:description\" content=\"Lors du moment de convivialit\u00e9 que nous avons partag\u00e9 \u00e0 la suite de l&rsquo;Assembl\u00e9e g\u00e9n\u00e9rale, Anne-Marie nous a fait d\u00e9couvrir la Salade \u00e0 l&rsquo;Alsacienne. Son plat fut tr\u00e8s appr\u00e9ci\u00e9 et Anne Marie a propos\u00e9 de nous transmettre sa recette. C&rsquo;est chose faite : Merci \u00e0 Anne-marie pour ce partage et bonne d\u00e9gustation \u00e0 tous ! [&hellip;]\" \/>\n<meta property=\"og:url\" content=\"https:\/\/entreterreetcielgannat.fr\/index.php\/activites-et-rencontres-du-club\/\" \/>\n<meta property=\"og:site_name\" content=\"ENTRE TERRE ET CIEL GANNAT\" \/>\n<meta property=\"article:modified_time\" content=\"2025-01-18T09:21:47+00:00\" \/>\n<meta property=\"og:image\" content=\"https:\/\/entreterreetcielgannat.fr\/wp-content\/uploads\/2025\/01\/Recette-Choucroute-Anne-Marie-BAGGIO.png\" \/>\n\t<meta property=\"og:image:width\" content=\"319\" \/>\n\t<meta property=\"og:image:height\" content=\"500\" \/>\n\t<meta property=\"og:image:type\" content=\"image\/png\" \/>\n<meta name=\"twitter:card\" content=\"summary_large_image\" \/>\n<meta name=\"twitter:label1\" content=\"Dur\u00e9e de lecture estim\u00e9e\" \/>\n\t<meta name=\"twitter:data1\" content=\"5 minutes\" \/>\n<script type=\"application\/ld+json\" class=\"yoast-schema-graph\">{\"@context\":\"https:\\\/\\\/schema.org\",\"@graph\":[{\"@type\":\"WebPage\",\"@id\":\"https:\\\/\\\/entreterreetcielgannat.fr\\\/index.php\\\/activites-et-rencontres-du-club\\\/\",\"url\":\"https:\\\/\\\/entreterreetcielgannat.fr\\\/index.php\\\/activites-et-rencontres-du-club\\\/\",\"name\":\"Activit\u00e9s et Rencontres du Club - ENTRE TERRE ET CIEL GANNAT\",\"isPartOf\":{\"@id\":\"https:\\\/\\\/entreterreetcielgannat.fr\\\/#website\"},\"primaryImageOfPage\":{\"@id\":\"https:\\\/\\\/entreterreetcielgannat.fr\\\/index.php\\\/activites-et-rencontres-du-club\\\/#primaryimage\"},\"image\":{\"@id\":\"https:\\\/\\\/entreterreetcielgannat.fr\\\/index.php\\\/activites-et-rencontres-du-club\\\/#primaryimage\"},\"thumbnailUrl\":\"https:\\\/\\\/entreterreetcielgannat.fr\\\/wp-content\\\/uploads\\\/2025\\\/01\\\/Recette-Choucroute-Anne-Marie-BAGGIO.png\",\"datePublished\":\"2024-06-30T13:13:34+00:00\",\"dateModified\":\"2025-01-18T09:21:47+00:00\",\"breadcrumb\":{\"@id\":\"https:\\\/\\\/entreterreetcielgannat.fr\\\/index.php\\\/activites-et-rencontres-du-club\\\/#breadcrumb\"},\"inLanguage\":\"fr-FR\",\"potentialAction\":[{\"@type\":\"ReadAction\",\"target\":[\"https:\\\/\\\/entreterreetcielgannat.fr\\\/index.php\\\/activites-et-rencontres-du-club\\\/\"]}]},{\"@type\":\"ImageObject\",\"inLanguage\":\"fr-FR\",\"@id\":\"https:\\\/\\\/entreterreetcielgannat.fr\\\/index.php\\\/activites-et-rencontres-du-club\\\/#primaryimage\",\"url\":\"https:\\\/\\\/entreterreetcielgannat.fr\\\/wp-content\\\/uploads\\\/2025\\\/01\\\/Recette-Choucroute-Anne-Marie-BAGGIO.png\",\"contentUrl\":\"https:\\\/\\\/entreterreetcielgannat.fr\\\/wp-content\\\/uploads\\\/2025\\\/01\\\/Recette-Choucroute-Anne-Marie-BAGGIO.png\",\"width\":319,\"height\":500},{\"@type\":\"BreadcrumbList\",\"@id\":\"https:\\\/\\\/entreterreetcielgannat.fr\\\/index.php\\\/activites-et-rencontres-du-club\\\/#breadcrumb\",\"itemListElement\":[{\"@type\":\"ListItem\",\"position\":1,\"name\":\"Accueil\",\"item\":\"https:\\\/\\\/entreterreetcielgannat.fr\\\/\"},{\"@type\":\"ListItem\",\"position\":2,\"name\":\"Activit\u00e9s et Rencontres du Club\"}]},{\"@type\":\"WebSite\",\"@id\":\"https:\\\/\\\/entreterreetcielgannat.fr\\\/#website\",\"url\":\"https:\\\/\\\/entreterreetcielgannat.fr\\\/\",\"name\":\"entreterreetcielgannat.fr\",\"description\":\"Pratique du Qi Gong et du Tai Chi pour un mieux \u00eatre\",\"publisher\":{\"@id\":\"https:\\\/\\\/entreterreetcielgannat.fr\\\/#organization\"},\"potentialAction\":[{\"@type\":\"SearchAction\",\"target\":{\"@type\":\"EntryPoint\",\"urlTemplate\":\"https:\\\/\\\/entreterreetcielgannat.fr\\\/?s={search_term_string}\"},\"query-input\":{\"@type\":\"PropertyValueSpecification\",\"valueRequired\":true,\"valueName\":\"search_term_string\"}}],\"inLanguage\":\"fr-FR\"},{\"@type\":\"Organization\",\"@id\":\"https:\\\/\\\/entreterreetcielgannat.fr\\\/#organization\",\"name\":\"Entre terre et ciel\",\"url\":\"https:\\\/\\\/entreterreetcielgannat.fr\\\/\",\"logo\":{\"@type\":\"ImageObject\",\"inLanguage\":\"fr-FR\",\"@id\":\"https:\\\/\\\/entreterreetcielgannat.fr\\\/#\\\/schema\\\/logo\\\/image\\\/\",\"url\":\"http:\\\/\\\/entreterreetcielgannat.fr\\\/wp-content\\\/uploads\\\/2023\\\/09\\\/Capture-decran-2023-09-16-a-16.53.19.png\",\"contentUrl\":\"http:\\\/\\\/entreterreetcielgannat.fr\\\/wp-content\\\/uploads\\\/2023\\\/09\\\/Capture-decran-2023-09-16-a-16.53.19.png\",\"width\":418,\"height\":358,\"caption\":\"Entre terre et ciel\"},\"image\":{\"@id\":\"https:\\\/\\\/entreterreetcielgannat.fr\\\/#\\\/schema\\\/logo\\\/image\\\/\"}}]}<\/script>\n<!-- \/ Yoast SEO plugin. -->","yoast_head_json":{"title":"Activit\u00e9s et Rencontres du Club - ENTRE TERRE ET CIEL GANNAT","robots":{"index":"index","follow":"follow","max-snippet":"max-snippet:-1","max-image-preview":"max-image-preview:large","max-video-preview":"max-video-preview:-1"},"canonical":"https:\/\/entreterreetcielgannat.fr\/index.php\/activites-et-rencontres-du-club\/","og_locale":"fr_FR","og_type":"article","og_title":"Activit\u00e9s et Rencontres du Club - ENTRE TERRE ET CIEL GANNAT","og_description":"Lors du moment de convivialit\u00e9 que nous avons partag\u00e9 \u00e0 la suite de l&rsquo;Assembl\u00e9e g\u00e9n\u00e9rale, Anne-Marie nous a fait d\u00e9couvrir la Salade \u00e0 l&rsquo;Alsacienne. Son plat fut tr\u00e8s appr\u00e9ci\u00e9 et Anne Marie a propos\u00e9 de nous transmettre sa recette. C&rsquo;est chose faite : Merci \u00e0 Anne-marie pour ce partage et bonne d\u00e9gustation \u00e0 tous ! [&hellip;]","og_url":"https:\/\/entreterreetcielgannat.fr\/index.php\/activites-et-rencontres-du-club\/","og_site_name":"ENTRE TERRE ET CIEL GANNAT","article_modified_time":"2025-01-18T09:21:47+00:00","og_image":[{"width":319,"height":500,"url":"https:\/\/entreterreetcielgannat.fr\/wp-content\/uploads\/2025\/01\/Recette-Choucroute-Anne-Marie-BAGGIO.png","type":"image\/png"}],"twitter_card":"summary_large_image","twitter_misc":{"Dur\u00e9e de lecture estim\u00e9e":"5 minutes"},"schema":{"@context":"https:\/\/schema.org","@graph":[{"@type":"WebPage","@id":"https:\/\/entreterreetcielgannat.fr\/index.php\/activites-et-rencontres-du-club\/","url":"https:\/\/entreterreetcielgannat.fr\/index.php\/activites-et-rencontres-du-club\/","name":"Activit\u00e9s et Rencontres du Club - ENTRE TERRE ET CIEL GANNAT","isPartOf":{"@id":"https:\/\/entreterreetcielgannat.fr\/#website"},"primaryImageOfPage":{"@id":"https:\/\/entreterreetcielgannat.fr\/index.php\/activites-et-rencontres-du-club\/#primaryimage"},"image":{"@id":"https:\/\/entreterreetcielgannat.fr\/index.php\/activites-et-rencontres-du-club\/#primaryimage"},"thumbnailUrl":"https:\/\/entreterreetcielgannat.fr\/wp-content\/uploads\/2025\/01\/Recette-Choucroute-Anne-Marie-BAGGIO.png","datePublished":"2024-06-30T13:13:34+00:00","dateModified":"2025-01-18T09:21:47+00:00","breadcrumb":{"@id":"https:\/\/entreterreetcielgannat.fr\/index.php\/activites-et-rencontres-du-club\/#breadcrumb"},"inLanguage":"fr-FR","potentialAction":[{"@type":"ReadAction","target":["https:\/\/entreterreetcielgannat.fr\/index.php\/activites-et-rencontres-du-club\/"]}]},{"@type":"ImageObject","inLanguage":"fr-FR","@id":"https:\/\/entreterreetcielgannat.fr\/index.php\/activites-et-rencontres-du-club\/#primaryimage","url":"https:\/\/entreterreetcielgannat.fr\/wp-content\/uploads\/2025\/01\/Recette-Choucroute-Anne-Marie-BAGGIO.png","contentUrl":"https:\/\/entreterreetcielgannat.fr\/wp-content\/uploads\/2025\/01\/Recette-Choucroute-Anne-Marie-BAGGIO.png","width":319,"height":500},{"@type":"BreadcrumbList","@id":"https:\/\/entreterreetcielgannat.fr\/index.php\/activites-et-rencontres-du-club\/#breadcrumb","itemListElement":[{"@type":"ListItem","position":1,"name":"Accueil","item":"https:\/\/entreterreetcielgannat.fr\/"},{"@type":"ListItem","position":2,"name":"Activit\u00e9s et Rencontres du Club"}]},{"@type":"WebSite","@id":"https:\/\/entreterreetcielgannat.fr\/#website","url":"https:\/\/entreterreetcielgannat.fr\/","name":"entreterreetcielgannat.fr","description":"Pratique du Qi Gong et du Tai Chi pour un mieux \u00eatre","publisher":{"@id":"https:\/\/entreterreetcielgannat.fr\/#organization"},"potentialAction":[{"@type":"SearchAction","target":{"@type":"EntryPoint","urlTemplate":"https:\/\/entreterreetcielgannat.fr\/?s={search_term_string}"},"query-input":{"@type":"PropertyValueSpecification","valueRequired":true,"valueName":"search_term_string"}}],"inLanguage":"fr-FR"},{"@type":"Organization","@id":"https:\/\/entreterreetcielgannat.fr\/#organization","name":"Entre terre et ciel","url":"https:\/\/entreterreetcielgannat.fr\/","logo":{"@type":"ImageObject","inLanguage":"fr-FR","@id":"https:\/\/entreterreetcielgannat.fr\/#\/schema\/logo\/image\/","url":"http:\/\/entreterreetcielgannat.fr\/wp-content\/uploads\/2023\/09\/Capture-decran-2023-09-16-a-16.53.19.png","contentUrl":"http:\/\/entreterreetcielgannat.fr\/wp-content\/uploads\/2023\/09\/Capture-decran-2023-09-16-a-16.53.19.png","width":418,"height":358,"caption":"Entre terre et ciel"},"image":{"@id":"https:\/\/entreterreetcielgannat.fr\/#\/schema\/logo\/image\/"}}]}},"_links":{"self":[{"href":"https:\/\/entreterreetcielgannat.fr\/index.php\/wp-json\/wp\/v2\/pages\/260","targetHints":{"allow":["GET"]}}],"collection":[{"href":"https:\/\/entreterreetcielgannat.fr\/index.php\/wp-json\/wp\/v2\/pages"}],"about":[{"href":"https:\/\/entreterreetcielgannat.fr\/index.php\/wp-json\/wp\/v2\/types\/page"}],"author":[{"embeddable":true,"href":"https:\/\/entreterreetcielgannat.fr\/index.php\/wp-json\/wp\/v2\/users\/3"}],"replies":[{"embeddable":true,"href":"https:\/\/entreterreetcielgannat.fr\/index.php\/wp-json\/wp\/v2\/comments?post=260"}],"version-history":[{"count":13,"href":"https:\/\/entreterreetcielgannat.fr\/index.php\/wp-json\/wp\/v2\/pages\/260\/revisions"}],"predecessor-version":[{"id":444,"href":"https:\/\/entreterreetcielgannat.fr\/index.php\/wp-json\/wp\/v2\/pages\/260\/revisions\/444"}],"wp:attachment":[{"href":"https:\/\/entreterreetcielgannat.fr\/index.php\/wp-json\/wp\/v2\/media?parent=260"}],"curies":[{"name":"wp","href":"https:\/\/api.w.org\/{rel}","templated":true}]}}